{"id":604,"date":"2018-05-03T08:25:22","date_gmt":"2018-05-03T08:25:22","guid":{"rendered":"https:\/\/www.climatech.at\/?page_id=604"},"modified":"2019-01-28T16:20:28","modified_gmt":"2019-01-28T16:20:28","slug":"privacy","status":"publish","type":"page","link":"https:\/\/www.climatech.at\/de\/privacy\/","title":{"rendered":"Datenschutz"},"content":{"rendered":"<style type=\"text\/css\" data-created_by=\"avia_inline_auto\" id=\"style-css-av-l9uok-538eacaa2cc385c0ebb2814d98834d64\">\n.flex_column.av-l9uok-538eacaa2cc385c0ebb2814d98834d64{\nborder-radius:0px 0px 0px 0px;\npadding:0px 0px 0px 0px;\n}\n<\/style>\n<div  class='flex_column av-l9uok-538eacaa2cc385c0ebb2814d98834d64 av_four_fifth  avia-builder-el-0  el_before_av_one_fifth  avia-builder-el-first  first flex_column_div av-zero-column-padding'     ><section  class='av_textblock_section av-gtmxo-9bfc61ab2f466f13688726ef17a5eca1'   itemscope=\"itemscope\" itemtype=\"https:\/\/schema.org\/CreativeWork\" ><div class='avia_textblock'  itemprop=\"text\" ><h1>Datenschutzbestimmungen f\u00fcr Online-Aktivit\u00e4ten<\/h1>\n<p>Politik in \u00dcbereinstimmung mit der GDPR - Verordnung (EU) 2016\/679 f\u00fcr diejenigen, die mit den Webdiensten der Clima Tech Airconditioners GmbH interagieren, die \u00fcber elektronische Netzwerke ab der Adresse www.climatech.at zug\u00e4nglich sind. Die bereitgestellten Informationen gelten nur f\u00fcr die Website www.climatech.at und betreffen keine Websites, die von einem Benutzer \u00fcber externe Links besucht werden k\u00f6nnen.<\/p>\n<p>In \u00dcbereinstimmung mit der Verpflichtung, die durch die GDPR - Verordnung (EU) 2016\/679 festgelegt wurde, informieren wir hiermit, dass die Clima Tech Airconditioners GmbH - mit Sitz in der Josef Huber-Stra\u00dfe 6 in 2620 Ternitz (\u00d6sterreich) - das Eigentum an den pers\u00f6nlichen Daten hat, die sie weitergibt, und daher die pers\u00f6nlichen Daten, die der Benutzer\/Besucher freiwillig zur Verf\u00fcgung stellt, in \u00dcbereinstimmung mit den geltenden Vorschriften behandeln wird.<\/p>\n<p>Insbesondere wird die Datenverarbeitung auf den Grunds\u00e4tzen der Korrektheit, Rechtm\u00e4\u00dfigkeit und Transparenz beruhen, wie sie in der GDPR - Verordnung (EU) 2016\/679 vorgesehen sind: Die Daten werden nicht \u00fcberm\u00e4\u00dfig sein, sie werden f\u00fcr die in Absatz 1 genannten Zwecke erhoben und aufgezeichnet und f\u00fcr den Zeitraum gespeichert, der f\u00fcr die Zwecke, f\u00fcr die sie erhoben wurden, erforderlich ist.<\/p>\n<h3>1. Arten von Daten und Ziel der Datenverarbeitung<\/h3>\n<p><strong>1.1. Navigationsdaten<\/strong><\/p>\n<p>Die Computersysteme und die Software, die f\u00fcr den Betrieb dieser Website verwendet werden, erfassen w\u00e4hrend ihres normalen Betriebs einige personenbezogene Daten, deren \u00dcbermittlung durch die Verwendung von Internet-Kommunikationsprotokollen implizit ist. Zu dieser Datenkategorie geh\u00f6ren die IP-Adressen oder Domain-Namen der von den Nutzern verwendeten Computer und Endger\u00e4te, die Adressen in URI-\/URL-Notation (Uniform Resource Identifier\/Locator) der angeforderten Ressourcen, die Uhrzeit der Anfrage, die bei der \u00dcbermittlung der Anfrage an den Server verwendete Methode, die Gr\u00f6\u00dfe der als Antwort erhaltenen Datei, der numerische Code, der den Status der vom Server gegebenen Antwort angibt (erfolgreich, Fehler usw.), sowie andere Parameter, die mit dem Betriebssystem und der Computerumgebung des Nutzers zusammenh\u00e4ngen.<\/p>\n<p>Diese Daten, die f\u00fcr die Nutzung der Webdienste erforderlich sind, werden auch zu folgenden Zwecken verarbeitet:<\/p>\n<ul>\n<li>statistische Informationen \u00fcber die Nutzung der Dienste zu erhalten (meistbesuchte Seiten, Anzahl der Besucher pro Stunde oder pro Tag, geografische Herkunftsgebiete usw.);<\/li>\n<li>das ordnungsgem\u00e4\u00dfe Funktionieren der angebotenen Dienste zu \u00fcberpr\u00fcfen.<\/li>\n<\/ul>\n<p>Die Browsing-Daten werden \u00fcber die Google-Analytics-Plattform erfasst und verarbeitet und bleiben 26 Monate lang auf den Google-Servern gespeichert.<\/p>\n<p><strong>1.2. Freiwillig vom Nutzer bereitgestellte Daten<\/strong><\/p>\n<p>Die fakultative, ausdr\u00fcckliche und freiwillige Zusendung von Nachrichten an die Kontaktadressen von Clima Tech sowie die Zusammenstellung und Weiterleitung der Formulare auf der Website f\u00fchren zur Erfassung der Kontaktdaten des Absenders, die f\u00fcr die Beantwortung erforderlich sind, sowie aller in den Mitteilungen enthaltenen personenbezogenen Daten.<\/p>\n<p>Die gesammelten Daten werden f\u00fcr die folgenden Zwecke verwendet:<\/p>\n<ul>\n<li>die eingegangenen Anfragen zu beantworten;<\/li>\n<li>zur Verbesserung unserer Website (wir nutzen das Feedback der Nutzer, um unsere Dienste zu verbessern);<\/li>\n<li>zur Durchf\u00fchrung von Werbeaktionen, Umfragen und zum Versenden von Informationen an Nutzer zu Themen, die unserer Meinung nach f\u00fcr sie von Interesse sein k\u00f6nnten;<\/li>\n<li>Um regelm\u00e4\u00dfige E-Mails zu versenden, k\u00f6nnen wir die E-Mail-Adressen der Benutzer\/Besucher verwenden, um ihnen Informationen und Aktualisierungen zu senden; dieselbe Adresse kann auch verwendet werden, um Ihre Fragen und Anfragen zu beantworten.<\/li>\n<\/ul>\n<p>Der Nutzer\/Besucher kann jederzeit seine Rechte gegen\u00fcber dem f\u00fcr die Datenverarbeitung Verantwortlichen in \u00dcbereinstimmung mit der GDPR - EU-Verordnung 2016\/679 aus\u00fcben.<\/p>\n<p><strong>1.3. Cookies<\/strong><br \/>\nBitte beachten Sie die <a href=\"https:\/\/www.climatech.at\/de\/cookies\/\">Cookie-Richtlinie<\/a>.<\/p>\n<p><strong>1.4. Ziele der Datenverarbeitung<\/strong><\/p>\n<p>Die zur Verf\u00fcgung gestellten personenbezogenen Daten werden in \u00dcbereinstimmung mit den Bedingungen der Rechtm\u00e4\u00dfigkeit gem\u00e4\u00df Art. 6 f) EU-VO 2016\/679 f\u00fcr die folgenden Zwecke verarbeitet:<\/p>\n<ul>\n<li>Navigation auf dieser Website<\/li>\n<li>m\u00f6gliche Erstellung eines Datenerhebungsbogens f\u00fcr die Personalauswahl<\/li>\n<li>eventuelle Zusammenstellung des Datenerfassungsformulars f\u00fcr den Erhalt von Newslettern, Werbemitteilungen per E-Mail oder automatische Benachrichtigungen \u00fcber neue Artikel oder Kommentare.<\/li>\n<\/ul>\n<p><strong>1.5. Empf\u00e4nger der Daten<\/strong><\/p>\n<p>Die zur Verf\u00fcgung gestellten personenbezogenen Daten werden an Empf\u00e4nger \u00fcbermittelt, die die Daten als Verantwortliche (Artikel 28 der EU-Verordnung 2016\/679) und\/oder als nat\u00fcrliche Personen, die unter der Aufsicht des f\u00fcr die Verarbeitung Verantwortlichen und des Datenverarbeiters (Artikel 29 der EU-Verordnung 2016\/679) handeln, f\u00fcr die oben genannten Zwecke verarbeiten. Genauer gesagt, werden die Daten \u00fcbermittelt an:<\/p>\n<ul>\n<li>Subjekte, die Dienstleistungen f\u00fcr die Verwaltung des Informationssystems und der Kommunikationsnetze (einschlie\u00dflich E-Mail) erbringen<\/li>\n<li>Studien oder Unternehmen im Bereich der Hilfs- und Beratungsbeziehungen<\/li>\n<li>zust\u00e4ndige Beh\u00f6rden f\u00fcr die Erf\u00fcllung gesetzlicher Verpflichtungen und \/ oder Vorschriften \u00f6ffentlicher Stellen, auf Anfrage<\/li>\n<li>im Falle von Verwaltungs- und Buchhaltungszwecken k\u00f6nnen die Daten eventuell an kommerzielle Informationsunternehmen zur Bewertung der Zahlungsf\u00e4higkeit und des Zahlungsverhaltens und\/oder an Subjekte zu Inkassozwecken weitergeleitet werden.<\/li>\n<\/ul>\n<p>Die Personen, die zu den oben genannten Kategorien geh\u00f6ren, \u00fcben die Funktion des Datenverarbeiters aus oder arbeiten v\u00f6llig autonom als eigenst\u00e4ndige Datenverantwortliche.<\/p>\n<h3>2. Bedingungen f\u00fcr die Datenverarbeitung<\/h3>\n<p>Die Verarbeitung der Daten kann sowohl auf nicht-automatisierte Weise als auch mit Hilfe von elektronischen, IT- und Telematik-Tools erfolgen, und zwar f\u00fcr die Zeit, die unbedingt erforderlich ist, um die Zwecke zu erreichen, f\u00fcr die sie erhoben wurden. Die Verarbeitungsmethoden sind geeignet, um die Sicherheit und Vertraulichkeit der Daten gem\u00e4\u00df den Bestimmungen der GDPR - Verordnung (EU) 2016\/679 \u00fcber \"Mindestsicherheitsma\u00dfnahmen\" f\u00fcr die Verarbeitung personenbezogener Daten zu gew\u00e4hrleisten.<br \/>\nDie gesammelten Daten werden - abgesehen von den gesetzlich vorgeschriebenen F\u00e4llen - nicht f\u00fcr statistische Zwecke und zur F\u00f6rderung der Aktivit\u00e4ten von Clima Tech Airconditioners GmbH weitergegeben oder verbreitet, au\u00dfer wie unter Punkt 1.4. angegeben, wenn nicht in anonymer und aggregierter Form.<br \/>\nNur mit der ausdr\u00fccklichen Zustimmung der betroffenen Person kann die E-Mail-Adresse des Antragstellers f\u00fcr die Zusendung von Mitteilungen \u00fcber die Initiativen von Clima Tech verwendet werden, die f\u00fcr den Antragsteller von Interesse sind. Bei der Durchf\u00fchrung der Behandlung werden alle technischen, informationstechnischen, organisatorischen, logistischen und verfahrenstechnischen Sicherheitsma\u00dfnahmen ergriffen, wie sie in der GDPR - Verordnung (EU) 2016\/679 vorgesehen sind, so dass die gesetzlich vorgesehenen Mindestdatenschutzma\u00dfnahmen gew\u00e4hrleistet sind. Die vorgenannten Sicherheitsma\u00dfnahmen gew\u00e4hrleisten, dass nur die von der Clima Tech Airconditioners GmbH mit der Verarbeitung beauftragten Personen gem\u00e4\u00df Punkt 4 Zugang zu den Daten haben.<\/p>\n<p><strong>2.1. Dauer der Datenspeicherung<\/strong><br \/>\nDie f\u00fcr die in Absatz 1.4 genannten Zwecke erhobenen Daten werden f\u00fcr die Dauer des Abonnements des Newsletter-Dienstes des Interessenten und f\u00fcr 10 Jahre nach dessen Beendigung, K\u00fcndigung oder Abmeldung aufbewahrt, au\u00dfer in F\u00e4llen, in denen die Aufbewahrung f\u00fcr einen sp\u00e4teren Zeitraum f\u00fcr etwaige Streitigkeiten, Anfragen der zust\u00e4ndigen Beh\u00f6rden oder nach geltendem Recht erforderlich ist. Nach Ablauf der Aufbewahrungsfrist werden die Daten gel\u00f6scht, anonymisiert oder aggregiert.<\/p>\n<p><strong>2.2. Daten\u00fcbertragung<\/strong><br \/>\nDie personenbezogenen Daten werden von Clima Tech innerhalb der Europ\u00e4ischen Union verarbeitet. Wenn es aus technischen und\/oder betrieblichen Gr\u00fcnden notwendig ist, auf Personen au\u00dferhalb der Europ\u00e4ischen Union zur\u00fcckzugreifen, oder wenn es notwendig ist, einige der gesammelten Daten an technische Systeme und Dienste zu \u00fcbertragen, die in der Cloud verwaltet werden und sich au\u00dferhalb des Gebiets der Europ\u00e4ischen Union befinden, wird die Verarbeitung gem\u00e4\u00df den Bestimmungen von Kapitel V der Verordnung geregelt und auf der Grundlage spezifischer EU-Beschl\u00fcsse genehmigt. Es werden daher alle erforderlichen Vorkehrungen getroffen, um einen m\u00f6glichst umfassenden Schutz personenbezogener Daten zu gew\u00e4hrleisten, indem diese \u00dcbermittlung auf Folgendes gest\u00fctzt wird: a) auf Angemessenheitsbeschl\u00fcsse der Europ\u00e4ischen Kommission f\u00fcr die Empf\u00e4nger in Drittl\u00e4ndern; b) auf angemessene Garantien, die von den Empf\u00e4ngern in Drittl\u00e4ndern gem\u00e4\u00df Artikel. 46 der Gesch\u00e4ftsordnung; c) auf die Annahme verbindlicher unternehmensinterner Vorschriften, so genannter\u00a0<em>Verbindliche Unternehmensregeln<\/em>.<\/p>\n<h3>3. Rechte der betroffenen Personen<\/h3>\n<p>Jede nat\u00fcrliche Person, die unseren Dienst nutzt, kann:<\/p>\n<ul>\n<li>vom Inhaber jederzeit Auskunft \u00fcber das Vorhandensein seiner personenbezogenen Daten, deren Herkunft, den Zweck und die Modalit\u00e4ten der Verarbeitung zu erhalten und, falls vorhanden, Zugang zu den personenbezogenen Daten und den Informationen gem\u00e4\u00df Artikel 15 der DSGVO zu erhalten<\/li>\n<li>die Aktualisierung, Berichtigung, Erg\u00e4nzung, L\u00f6schung oder Einschr\u00e4nkung der Datenverarbeitung zu verlangen, wenn eine der in Artikel 18 der DSGVO vorgesehenen Bedingungen eintritt, sowie die Umwandlung in anonyme Form oder die Sperrung personenbezogener Daten, die unter Versto\u00df gegen das Gesetz verarbeitet wurden, einschlie\u00dflich derjenigen, deren Aufbewahrung f\u00fcr die Zwecke, f\u00fcr die die Daten erhoben und\/oder sp\u00e4ter verarbeitet wurden, nicht erforderlich ist<\/li>\n<li>sich aus berechtigten Gr\u00fcnden ganz oder teilweise der Verarbeitung der Daten zu widersetzen, auch wenn diese dem Zweck der Erhebung und Verarbeitung personenbezogener Daten entsprechen, die zum Zwecke der Handelsinformation, des Versands von Werbematerial, des Direktverkaufs, zu Markt- oder Meinungsforschungszwecken oder f\u00fcr kommerzielle Mitteilungen erhoben wurden. Jeder Nutzer hat au\u00dferdem das Recht, seine Einwilligung jederzeit zu widerrufen, ohne dass dadurch die Rechtm\u00e4\u00dfigkeit der Behandlung aufgrund der vor dem Widerruf erteilten Einwilligung ber\u00fchrt wird.<\/li>\n<li>personenbezogene Daten, die wissentlich und aktiv oder durch die Nutzung des Dienstes zur Verf\u00fcgung gestellt werden, in einem strukturierten, allgemein gebr\u00e4uchlichen und maschinell lesbaren Format zu erhalten und sie ungehindert an einen anderen f\u00fcr die Datenverarbeitung Verantwortlichen zu \u00fcbermitteln<\/li>\n<li>eine Beschwerde bei der italienischen Datenschutzbeh\u00f6rde einzureichen.<\/li>\n<\/ul>\n<p>Wir erinnern Sie daran, dass Sie sich bei Fragen oder Anfragen bez\u00fcglich Ihrer pers\u00f6nlichen Daten und zur Wahrung Ihrer Privatsph\u00e4re an folgende Adresse wenden k\u00f6nnen <a href=\"mailto:info@geoclima.com\" target=\"_blank\" rel=\"noopener\">office@climatech.at<\/a>.<\/p>\n<h3>4. \u00c4nderungen und Aktualisierungen<\/h3>\n<p>Die Clima Tech Airconditioners GmbH kann auch \u00c4nderungen und\/oder Erg\u00e4nzungen an dieser Mitteilung vornehmen, auch als Folge des Inkrafttretens der Datenschutzbestimmungen und eventueller sp\u00e4terer \u00c4nderungen und\/oder gesetzlicher Erg\u00e4nzungen. Die \u00c4nderungen werden im Voraus bekannt gegeben und der Interessent kann den Text des Informationsblattes, das st\u00e4ndig aktualisiert wird, im Abschnitt Datenschutz der Website www.climatech.at einsehen.<\/p>\n<\/div><\/section><\/div>\n<style type=\"text\/css\" data-created_by=\"avia_inline_auto\" id=\"style-css-av-9o76s-d67ce055e4f89b89e70b0163c17acf45\">\n.flex_column.av-9o76s-d67ce055e4f89b89e70b0163c17acf45{\nborder-radius:0px 0px 0px 0px;\npadding:0px 0px 0px 0px;\n}\n<\/style>\n<div  class='flex_column av-9o76s-d67ce055e4f89b89e70b0163c17acf45 av_one_fifth  avia-builder-el-2  el_after_av_four_fifth  avia-builder-el-last  flex_column_div av-zero-column-padding'     ><section  class='av_textblock_section av-jh1siqxr-b2017ffdbf98d27003a7ed6859bc99d0'   itemscope=\"itemscope\" itemtype=\"https:\/\/schema.org\/CreativeWork\" ><div class='avia_textblock'  itemprop=\"text\" ><h3>Diese Seite \u00fcbersetzen<\/h3>\n<\/div><\/section><br \/>\n\n<style type=\"text\/css\" data-created_by=\"avia_inline_auto\" id=\"style-css-av-jh1sixez-63a89877b975c68154fe00099ff61360\">\n#top .hr.hr-invisible.av-jh1sixez-63a89877b975c68154fe00099ff61360{\nheight:20px;\n}\n<\/style>\n<div  class='hr av-jh1sixez-63a89877b975c68154fe00099ff61360 hr-invisible  avia-builder-el-4  el_after_av_textblock  el_before_av_codeblock'><span class='hr-inner'><span class=\"hr-inner-style\"><\/span><\/span><\/div><br \/>\n<\/p><\/div><\/p>","protected":false},"excerpt":{"rendered":"","protected":false},"author":1,"featured_media":0,"parent":0,"menu_order":0,"comment_status":"closed","ping_status":"closed","template":"","meta":{"footnotes":""},"class_list":["post-604","page","type-page","status-publish","hentry"],"yoast_head":"<!-- This site is optimized with the Yoast SEO plugin v28.3 - https:\/\/yoast.com\/product\/yoast-seo-wordpress\/ -->\n<title>Privacy | Clima Tech<\/title>\n<meta name=\"robots\" content=\"index, follow, max-snippet:-1, max-image-preview:large, max-video-preview:-1\" \/>\n<link rel=\"canonical\" href=\"https:\/\/www.climatech.at\/de\/privacy\/\" \/>\n<meta property=\"og:locale\" content=\"de_DE\" \/>\n<meta property=\"og:type\" content=\"article\" \/>\n<meta property=\"og:title\" content=\"Privacy | Clima Tech\" \/>\n<meta property=\"og:url\" content=\"https:\/\/www.climatech.at\/de\/privacy\/\" \/>\n<meta property=\"og:site_name\" content=\"Clima Tech\" \/>\n<meta property=\"article:modified_time\" content=\"2019-01-28T16:20:28+00:00\" \/>\n<meta name=\"twitter:card\" content=\"summary_large_image\" \/>\n<meta name=\"twitter:label1\" content=\"Gesch\u00e4tzte Lesezeit\" \/>\n\t<meta name=\"twitter:data1\" content=\"9\u00a0Minuten\" \/>\n<script type=\"application\/ld+json\" class=\"yoast-schema-graph\">{\"@context\":\"https:\\\/\\\/schema.org\",\"@graph\":[{\"@type\":\"WebPage\",\"@id\":\"https:\\\/\\\/www.climatech.at\\\/privacy\\\/\",\"url\":\"https:\\\/\\\/www.climatech.at\\\/privacy\\\/\",\"name\":\"Privacy | Clima Tech\",\"isPartOf\":{\"@id\":\"https:\\\/\\\/www.climatech.at\\\/#website\"},\"datePublished\":\"2018-05-03T08:25:22+00:00\",\"dateModified\":\"2019-01-28T16:20:28+00:00\",\"breadcrumb\":{\"@id\":\"https:\\\/\\\/www.climatech.at\\\/privacy\\\/#breadcrumb\"},\"inLanguage\":\"de\",\"potentialAction\":[{\"@type\":\"ReadAction\",\"target\":[\"https:\\\/\\\/www.climatech.at\\\/privacy\\\/\"]}]},{\"@type\":\"BreadcrumbList\",\"@id\":\"https:\\\/\\\/www.climatech.at\\\/privacy\\\/#breadcrumb\",\"itemListElement\":[{\"@type\":\"ListItem\",\"position\":1,\"name\":\"Home\",\"item\":\"https:\\\/\\\/www.climatech.at\\\/\"},{\"@type\":\"ListItem\",\"position\":2,\"name\":\"Privacy\"}]},{\"@type\":\"WebSite\",\"@id\":\"https:\\\/\\\/www.climatech.at\\\/#website\",\"url\":\"https:\\\/\\\/www.climatech.at\\\/\",\"name\":\"Clima Tech\",\"description\":\"Airconditioners GmbH\",\"publisher\":{\"@id\":\"https:\\\/\\\/www.climatech.at\\\/#organization\"},\"potentialAction\":[{\"@type\":\"SearchAction\",\"target\":{\"@type\":\"EntryPoint\",\"urlTemplate\":\"https:\\\/\\\/www.climatech.at\\\/?s={search_term_string}\"},\"query-input\":{\"@type\":\"PropertyValueSpecification\",\"valueRequired\":true,\"valueName\":\"search_term_string\"}}],\"inLanguage\":\"de\"},{\"@type\":\"Organization\",\"@id\":\"https:\\\/\\\/www.climatech.at\\\/#organization\",\"name\":\"Clima Tech\",\"url\":\"https:\\\/\\\/www.climatech.at\\\/\",\"logo\":{\"@type\":\"ImageObject\",\"inLanguage\":\"de\",\"@id\":\"https:\\\/\\\/www.climatech.at\\\/#\\\/schema\\\/logo\\\/image\\\/\",\"url\":\"https:\\\/\\\/www.climatech.at\\\/wp-content\\\/uploads\\\/2015\\\/12\\\/logo.png\",\"contentUrl\":\"https:\\\/\\\/www.climatech.at\\\/wp-content\\\/uploads\\\/2015\\\/12\\\/logo.png\",\"width\":152,\"height\":100,\"caption\":\"Clima Tech\"},\"image\":{\"@id\":\"https:\\\/\\\/www.climatech.at\\\/#\\\/schema\\\/logo\\\/image\\\/\"}}]}<\/script>\n<!-- \/ Yoast SEO plugin. -->","yoast_head_json":{"title":"Datenschutz | Clima Tech","robots":{"index":"index","follow":"follow","max-snippet":"max-snippet:-1","max-image-preview":"max-image-preview:large","max-video-preview":"max-video-preview:-1"},"canonical":"https:\/\/www.climatech.at\/de\/privacy\/","og_locale":"de_DE","og_type":"article","og_title":"Privacy | Clima Tech","og_url":"https:\/\/www.climatech.at\/de\/privacy\/","og_site_name":"Clima Tech","article_modified_time":"2019-01-28T16:20:28+00:00","twitter_card":"summary_large_image","twitter_misc":{"Gesch\u00e4tzte Lesezeit":"9\u00a0Minuten"},"schema":{"@context":"https:\/\/schema.org","@graph":[{"@type":"WebPage","@id":"https:\/\/www.climatech.at\/privacy\/","url":"https:\/\/www.climatech.at\/privacy\/","name":"Datenschutz | Clima Tech","isPartOf":{"@id":"https:\/\/www.climatech.at\/#website"},"datePublished":"2018-05-03T08:25:22+00:00","dateModified":"2019-01-28T16:20:28+00:00","breadcrumb":{"@id":"https:\/\/www.climatech.at\/privacy\/#breadcrumb"},"inLanguage":"de","potentialAction":[{"@type":"ReadAction","target":["https:\/\/www.climatech.at\/privacy\/"]}]},{"@type":"BreadcrumbList","@id":"https:\/\/www.climatech.at\/privacy\/#breadcrumb","itemListElement":[{"@type":"ListItem","position":1,"name":"Home","item":"https:\/\/www.climatech.at\/"},{"@type":"ListItem","position":2,"name":"Privacy"}]},{"@type":"WebSite","@id":"https:\/\/www.climatech.at\/#website","url":"https:\/\/www.climatech.at\/","name":"Klimatechnik","description":"Airconditioners GmbH","publisher":{"@id":"https:\/\/www.climatech.at\/#organization"},"potentialAction":[{"@type":"SearchAction","target":{"@type":"EntryPoint","urlTemplate":"https:\/\/www.climatech.at\/?s={search_term_string}"},"query-input":{"@type":"PropertyValueSpecification","valueRequired":true,"valueName":"search_term_string"}}],"inLanguage":"de"},{"@type":"Organization","@id":"https:\/\/www.climatech.at\/#organization","name":"Klimatechnik","url":"https:\/\/www.climatech.at\/","logo":{"@type":"ImageObject","inLanguage":"de","@id":"https:\/\/www.climatech.at\/#\/schema\/logo\/image\/","url":"https:\/\/www.climatech.at\/wp-content\/uploads\/2015\/12\/logo.png","contentUrl":"https:\/\/www.climatech.at\/wp-content\/uploads\/2015\/12\/logo.png","width":152,"height":100,"caption":"Clima Tech"},"image":{"@id":"https:\/\/www.climatech.at\/#\/schema\/logo\/image\/"}}]}},"_links":{"self":[{"href":"https:\/\/www.climatech.at\/de\/wp-json\/wp\/v2\/pages\/604","targetHints":{"allow":["GET"]}}],"collection":[{"href":"https:\/\/www.climatech.at\/de\/wp-json\/wp\/v2\/pages"}],"about":[{"href":"https:\/\/www.climatech.at\/de\/wp-json\/wp\/v2\/types\/page"}],"author":[{"embeddable":true,"href":"https:\/\/www.climatech.at\/de\/wp-json\/wp\/v2\/users\/1"}],"replies":[{"embeddable":true,"href":"https:\/\/www.climatech.at\/de\/wp-json\/wp\/v2\/comments?post=604"}],"version-history":[{"count":15,"href":"https:\/\/www.climatech.at\/de\/wp-json\/wp\/v2\/pages\/604\/revisions"}],"predecessor-version":[{"id":698,"href":"https:\/\/www.climatech.at\/de\/wp-json\/wp\/v2\/pages\/604\/revisions\/698"}],"wp:attachment":[{"href":"https:\/\/www.climatech.at\/de\/wp-json\/wp\/v2\/media?parent=604"}],"curies":[{"name":"wp","href":"https:\/\/api.w.org\/{rel}","templated":true}]}}